{"id":147499,"date":"2024-02-16T17:40:13","date_gmt":"2024-02-16T16:40:13","guid":{"rendered":"https:\/\/www.geostru.eu\/shop\/sin%20categor\u00eda\/fattore-di-amplificazione-topografica-in-presenza-di-scarpate-e-creste-o-cucuzzoli\/"},"modified":"2026-02-17T09:12:10","modified_gmt":"2026-02-17T08:12:10","slug":"el-factor-de-amplificacion-topografica-en-presencia-de-laderas-y-crestas-o-cimas","status":"publish","type":"product","link":"https:\/\/www.geostru.eu\/es\/shop\/plugin-es\/el-factor-de-amplificacion-topografica-en-presencia-de-laderas-y-crestas-o-cimas\/","title":{"rendered":"El factor de amplificaci\u00f3n topogr\u00e1fica en presencia de laderas y crestas o cimas."},"content":{"rendered":"<h2>El factor de amplificaci\u00f3n topogr\u00e1fica en presencia de laderas y crestas o cimas.<\/h2>\n<p style=\"text-align: justify;\">La morfolog\u00eda superficial juega un papel crucial en la amplificaci\u00f3n s\u00edsmica de un sitio, como lo demuestran los da\u00f1os estructurales significativos observados en elementos morfol\u00f3gicos como colinas, laderas o ca\u00f1ones. Desde el punto de vista ingenieril, la amplificaci\u00f3n topogr\u00e1fica del movimiento s\u00edsmico afecta la evaluaci\u00f3n del riesgo s\u00edsmico en numerosos centros hist\u00f3ricos construidos en elevaciones, en estructuras terrestres (colinas, diques y represas), en obras importantes como puentes y represas, as\u00ed como en pendientes naturales y artificiales. Se pueden distinguir tres configuraciones de inter\u00e9s: cresta, ladera y ca\u00f1\u00f3n. La situaci\u00f3n t\u00edpica de una peque\u00f1a extensi\u00f3n de ancho en la cresta se puede atribuir al caso de una elevaci\u00f3n aislada, mientras que para anchos mayores tiende al caso l\u00edmite de la ladera.<\/p>\n<blockquote>\n<p style=\"text-align: justify;\">Este software, anteriormente disponible como aplicaci\u00f3n para Windows, ha sido completamente migrado a tecnolog\u00eda web. Actualmente est\u00e1 disponible como una Web App con todas las funcionalidades de la versi\u00f3n de escritorio, accesible en l\u00ednea sin instalaci\u00f3n a trav\u00e9s de la plataforma GeoApp de GeoStru.<\/p>\n<\/blockquote>\n","protected":false},"excerpt":{"rendered":"<p style=\"text-align: justify;\">La morfolog\u00eda superficial juega un papel crucial en la amplificaci\u00f3n s\u00edsmica de un sitio, como lo demuestran los da\u00f1os estructurales significativos observados en elementos morfol\u00f3gicos como colinas, laderas o ca\u00f1ones. Desde el punto de vista ingenieril, la amplificaci\u00f3n topogr\u00e1fica del movimiento s\u00edsmico afecta la evaluaci\u00f3n del riesgo s\u00edsmico en numerosos centros hist\u00f3ricos construidos en elevaciones, en estructuras terrestres (colinas, diques y represas), en obras importantes como puentes y represas, as\u00ed como en pendientes naturales y artificiales. Se pueden distinguir tres configuraciones de inter\u00e9s: cresta, ladera y ca\u00f1\u00f3n. La situaci\u00f3n t\u00edpica de una peque\u00f1a extensi\u00f3n de ancho en la cresta se puede atribuir al caso de una elevaci\u00f3n aislada, mientras que para anchos mayores tiende al caso l\u00edmite de la ladera.<\/p>\n","protected":false},"featured_media":29026,"comment_status":"closed","ping_status":"closed","template":"","meta":[],"product_cat":[683],"product_tag":[],"class_list":{"0":"post-147499","1":"product","2":"type-product","3":"status-publish","4":"has-post-thumbnail","6":"product_cat-plugin-es","7":"description-off","9":"first","10":"instock","11":"taxable","12":"shipping-taxable","13":"product-type-external"},"yoast_head":"<!-- This site is optimized with the Yoast SEO Premium plugin v25.0 (Yoast SEO v25.0) - https:\/\/yoast.com\/wordpress\/plugins\/seo\/ -->\n<title>El factor de amplificaci\u00f3n topogr\u00e1fica en laderas y cimas - GeoStru<\/title>\n<meta name=\"description\" content=\"La morfolog\u00eda superficial juega un papel crucial en la amplificaci\u00f3n s\u00edsmica de un sitio, como lo demuestran los da\u00f1os estructurales significativos observados en elementos morfol\u00f3gicos como colinas, laderas o ca\u00f1ones. Desde el punto de vista ingenieril, la amplificaci\u00f3n topogr\u00e1fica del movimiento s\u00edsmico afecta la evaluaci\u00f3n del riesgo s\u00edsmico en numerosos centros hist\u00f3ricos construidos en elevaciones, en estructuras terrestres (colinas, diques y represas), en obras importantes como puentes y represas, as\u00ed como en pendientes naturales y artificiales. Se pueden distinguir tres configuraciones de inter\u00e9s: cresta, ladera y ca\u00f1\u00f3n. La situaci\u00f3n t\u00edpica de una peque\u00f1a extensi\u00f3n de ancho en la cresta se puede atribuir al caso de una elevaci\u00f3n aislada, mientras que para anchos mayores tiende al caso l\u00edmite de la ladera.\" \/>\n<meta name=\"robots\" content=\"index, follow, max-snippet:-1, max-image-preview:large, max-video-preview:-1\" \/>\n<link rel=\"canonical\" href=\"https:\/\/www.geostru.eu\/es\/shop\/plugin-es\/el-factor-de-amplificacion-topografica-en-presencia-de-laderas-y-crestas-o-cimas\/\" \/>\n<meta property=\"og:locale\" content=\"es_ES\" \/>\n<meta property=\"og:type\" content=\"article\" \/>\n<meta property=\"og:title\" content=\"El factor de amplificaci\u00f3n topogr\u00e1fica en presencia de laderas y crestas o cimas.\" \/>\n<meta property=\"og:description\" content=\"La morfolog\u00eda superficial juega un papel crucial en la amplificaci\u00f3n s\u00edsmica de un sitio, como lo demuestran los da\u00f1os estructurales significativos observados en elementos morfol\u00f3gicos como colinas, laderas o ca\u00f1ones. Desde el punto de vista ingenieril, la amplificaci\u00f3n topogr\u00e1fica del movimiento s\u00edsmico afecta la evaluaci\u00f3n del riesgo s\u00edsmico en numerosos centros hist\u00f3ricos construidos en elevaciones, en estructuras terrestres (colinas, diques y represas), en obras importantes como puentes y represas, as\u00ed como en pendientes naturales y artificiales. Se pueden distinguir tres configuraciones de inter\u00e9s: cresta, ladera y ca\u00f1\u00f3n. La situaci\u00f3n t\u00edpica de una peque\u00f1a extensi\u00f3n de ancho en la cresta se puede atribuir al caso de una elevaci\u00f3n aislada, mientras que para anchos mayores tiende al caso l\u00edmite de la ladera.\" \/>\n<meta property=\"og:url\" content=\"https:\/\/www.geostru.eu\/es\/shop\/plugin-es\/el-factor-de-amplificacion-topografica-en-presencia-de-laderas-y-crestas-o-cimas\/\" \/>\n<meta property=\"og:site_name\" content=\"GeoStru\" \/>\n<meta property=\"article:publisher\" content=\"https:\/\/www.facebook.com\/GeoStruSoftware\/\" \/>\n<meta property=\"article:modified_time\" content=\"2026-02-17T08:12:10+00:00\" \/>\n<meta property=\"og:image\" content=\"https:\/\/www.geostru.eu\/wp-content\/uploads\/2017\/03\/Profilo-topografico-schematico-rappresentativo-degli-effetti-di-rifrazione-delle.jpg\" \/>\n\t<meta property=\"og:image:width\" content=\"628\" \/>\n\t<meta property=\"og:image:height\" content=\"278\" \/>\n\t<meta property=\"og:image:type\" content=\"image\/jpeg\" \/>\n<meta name=\"twitter:card\" content=\"summary_large_image\" \/>\n<meta name=\"twitter:site\" content=\"@geostru\" \/>\n<meta name=\"twitter:label1\" content=\"Precio\" \/>\n\t<meta name=\"twitter:data1\" content=\"\" \/>\n\t<meta name=\"twitter:label2\" content=\"Disponibilidad\" \/>\n\t<meta name=\"twitter:data2\" content=\"Disponible\" \/>\n<script type=\"application\/ld+json\" class=\"yoast-schema-graph\">{\"@context\":\"https:\/\/schema.org\",\"@graph\":[{\"@type\":\"WebPage\",\"@id\":\"https:\/\/www.geostru.eu\/es\/shop\/plugin-es\/el-factor-de-amplificacion-topografica-en-presencia-de-laderas-y-crestas-o-cimas\/\",\"url\":\"https:\/\/www.geostru.eu\/es\/shop\/plugin-es\/el-factor-de-amplificacion-topografica-en-presencia-de-laderas-y-crestas-o-cimas\/\",\"name\":\"El factor de amplificaci\u00f3n topogr\u00e1fica en laderas y cimas - GeoStru\",\"isPartOf\":{\"@id\":\"https:\/\/www.geostru.eu\/es\/#website\"},\"primaryImageOfPage\":{\"@id\":\"https:\/\/www.geostru.eu\/es\/shop\/plugin-es\/el-factor-de-amplificacion-topografica-en-presencia-de-laderas-y-crestas-o-cimas\/#primaryimage\"},\"image\":{\"@id\":\"https:\/\/www.geostru.eu\/es\/shop\/plugin-es\/el-factor-de-amplificacion-topografica-en-presencia-de-laderas-y-crestas-o-cimas\/#primaryimage\"},\"thumbnailUrl\":\"https:\/\/www.geostru.eu\/wp-content\/uploads\/2017\/03\/Profilo-topografico-schematico-rappresentativo-degli-effetti-di-rifrazione-delle.jpg\",\"datePublished\":\"2024-02-16T16:40:13+00:00\",\"dateModified\":\"2026-02-17T08:12:10+00:00\",\"description\":\"La morfolog\u00eda superficial juega un papel crucial en la amplificaci\u00f3n s\u00edsmica de un sitio, como lo demuestran los da\u00f1os estructurales significativos observados en elementos morfol\u00f3gicos como colinas, laderas o ca\u00f1ones. Desde el punto de vista ingenieril, la amplificaci\u00f3n topogr\u00e1fica del movimiento s\u00edsmico afecta la evaluaci\u00f3n del riesgo s\u00edsmico en numerosos centros hist\u00f3ricos construidos en elevaciones, en estructuras terrestres (colinas, diques y represas), en obras importantes como puentes y represas, as\u00ed como en pendientes naturales y artificiales. Se pueden distinguir tres configuraciones de inter\u00e9s: cresta, ladera y ca\u00f1\u00f3n. La situaci\u00f3n t\u00edpica de una peque\u00f1a extensi\u00f3n de ancho en la cresta se puede atribuir al caso de una elevaci\u00f3n aislada, mientras que para anchos mayores tiende al caso l\u00edmite de la ladera.\",\"breadcrumb\":{\"@id\":\"https:\/\/www.geostru.eu\/es\/shop\/plugin-es\/el-factor-de-amplificacion-topografica-en-presencia-de-laderas-y-crestas-o-cimas\/#breadcrumb\"},\"inLanguage\":\"es\",\"potentialAction\":[{\"@type\":\"ReadAction\",\"target\":[\"https:\/\/www.geostru.eu\/es\/shop\/plugin-es\/el-factor-de-amplificacion-topografica-en-presencia-de-laderas-y-crestas-o-cimas\/\"]}]},{\"@type\":\"ImageObject\",\"inLanguage\":\"es\",\"@id\":\"https:\/\/www.geostru.eu\/es\/shop\/plugin-es\/el-factor-de-amplificacion-topografica-en-presencia-de-laderas-y-crestas-o-cimas\/#primaryimage\",\"url\":\"https:\/\/www.geostru.eu\/wp-content\/uploads\/2017\/03\/Profilo-topografico-schematico-rappresentativo-degli-effetti-di-rifrazione-delle.jpg\",\"contentUrl\":\"https:\/\/www.geostru.eu\/wp-content\/uploads\/2017\/03\/Profilo-topografico-schematico-rappresentativo-degli-effetti-di-rifrazione-delle.jpg\",\"width\":628,\"height\":278},{\"@type\":\"BreadcrumbList\",\"@id\":\"https:\/\/www.geostru.eu\/es\/shop\/plugin-es\/el-factor-de-amplificacion-topografica-en-presencia-de-laderas-y-crestas-o-cimas\/#breadcrumb\",\"itemListElement\":[{\"@type\":\"ListItem\",\"position\":1,\"name\":\"Home\",\"item\":\"https:\/\/www.geostru.eu\/es\/\"},{\"@type\":\"ListItem\",\"position\":2,\"name\":\"Shop\",\"item\":\"https:\/\/www.geostru.eu\/shop\/?lang=es\"},{\"@type\":\"ListItem\",\"position\":3,\"name\":\"El factor de amplificaci\u00f3n topogr\u00e1fica en presencia de laderas y crestas o cimas.\"}]},{\"@type\":\"WebSite\",\"@id\":\"https:\/\/www.geostru.eu\/es\/#website\",\"url\":\"https:\/\/www.geostru.eu\/es\/\",\"name\":\"GeoStru\",\"description\":\"Professionals at your service\",\"publisher\":{\"@id\":\"https:\/\/www.geostru.eu\/es\/#organization\"},\"potentialAction\":[{\"@type\":\"SearchAction\",\"target\":{\"@type\":\"EntryPoint\",\"urlTemplate\":\"https:\/\/www.geostru.eu\/es\/?s={search_term_string}\"},\"query-input\":{\"@type\":\"PropertyValueSpecification\",\"valueRequired\":true,\"valueName\":\"search_term_string\"}}],\"inLanguage\":\"es\"},{\"@type\":\"Organization\",\"@id\":\"https:\/\/www.geostru.eu\/es\/#organization\",\"name\":\"GeoStru\",\"url\":\"https:\/\/www.geostru.eu\/es\/\",\"logo\":{\"@type\":\"ImageObject\",\"inLanguage\":\"es\",\"@id\":\"https:\/\/www.geostru.eu\/es\/#\/schema\/logo\/image\/\",\"url\":\"https:\/\/www.geostru.eu\/wp-content\/uploads\/2023\/02\/LOGO_GEOSTRU_educational_banner.png\",\"contentUrl\":\"https:\/\/www.geostru.eu\/wp-content\/uploads\/2023\/02\/LOGO_GEOSTRU_educational_banner.png\",\"width\":363,\"height\":115,\"caption\":\"GeoStru\"},\"image\":{\"@id\":\"https:\/\/www.geostru.eu\/es\/#\/schema\/logo\/image\/\"},\"sameAs\":[\"https:\/\/www.facebook.com\/GeoStruSoftware\/\",\"https:\/\/x.com\/geostru\",\"https:\/\/www.linkedin.com\/company\/2462488\/admin\/\",\"https:\/\/www.instagram.com\/geostru\/\"]}]}<\/script>\n<meta property=\"product:brand\" content=\"Plugin\" \/>\n<meta property=\"product:price:amount\" content=\"0.00\" \/>\n<meta property=\"product:price:currency\" content=\"EUR\" \/>\n<meta property=\"og:availability\" content=\"instock\" \/>\n<meta property=\"product:availability\" content=\"instock\" \/>\n<meta property=\"product:condition\" content=\"new\" \/>\n<!-- \/ Yoast SEO Premium plugin. -->","yoast_head_json":{"title":"El factor de amplificaci\u00f3n topogr\u00e1fica en laderas y cimas - GeoStru","description":"La morfolog\u00eda superficial juega un papel crucial en la amplificaci\u00f3n s\u00edsmica de un sitio, como lo demuestran los da\u00f1os estructurales significativos observados en elementos morfol\u00f3gicos como colinas, laderas o ca\u00f1ones. Desde el punto de vista ingenieril, la amplificaci\u00f3n topogr\u00e1fica del movimiento s\u00edsmico afecta la evaluaci\u00f3n del riesgo s\u00edsmico en numerosos centros hist\u00f3ricos construidos en elevaciones, en estructuras terrestres (colinas, diques y represas), en obras importantes como puentes y represas, as\u00ed como en pendientes naturales y artificiales. Se pueden distinguir tres configuraciones de inter\u00e9s: cresta, ladera y ca\u00f1\u00f3n. La situaci\u00f3n t\u00edpica de una peque\u00f1a extensi\u00f3n de ancho en la cresta se puede atribuir al caso de una elevaci\u00f3n aislada, mientras que para anchos mayores tiende al caso l\u00edmite de la ladera.","robots":{"index":"index","follow":"follow","max-snippet":"max-snippet:-1","max-image-preview":"max-image-preview:large","max-video-preview":"max-video-preview:-1"},"canonical":"https:\/\/www.geostru.eu\/es\/shop\/plugin-es\/el-factor-de-amplificacion-topografica-en-presencia-de-laderas-y-crestas-o-cimas\/","og_locale":"es_ES","og_type":"article","og_title":"El factor de amplificaci\u00f3n topogr\u00e1fica en presencia de laderas y crestas o cimas.","og_description":"La morfolog\u00eda superficial juega un papel crucial en la amplificaci\u00f3n s\u00edsmica de un sitio, como lo demuestran los da\u00f1os estructurales significativos observados en elementos morfol\u00f3gicos como colinas, laderas o ca\u00f1ones. Desde el punto de vista ingenieril, la amplificaci\u00f3n topogr\u00e1fica del movimiento s\u00edsmico afecta la evaluaci\u00f3n del riesgo s\u00edsmico en numerosos centros hist\u00f3ricos construidos en elevaciones, en estructuras terrestres (colinas, diques y represas), en obras importantes como puentes y represas, as\u00ed como en pendientes naturales y artificiales. Se pueden distinguir tres configuraciones de inter\u00e9s: cresta, ladera y ca\u00f1\u00f3n. La situaci\u00f3n t\u00edpica de una peque\u00f1a extensi\u00f3n de ancho en la cresta se puede atribuir al caso de una elevaci\u00f3n aislada, mientras que para anchos mayores tiende al caso l\u00edmite de la ladera.","og_url":"https:\/\/www.geostru.eu\/es\/shop\/plugin-es\/el-factor-de-amplificacion-topografica-en-presencia-de-laderas-y-crestas-o-cimas\/","og_site_name":"GeoStru","article_publisher":"https:\/\/www.facebook.com\/GeoStruSoftware\/","article_modified_time":"2026-02-17T08:12:10+00:00","og_image":[{"width":628,"height":278,"url":"https:\/\/www.geostru.eu\/wp-content\/uploads\/2017\/03\/Profilo-topografico-schematico-rappresentativo-degli-effetti-di-rifrazione-delle.jpg","type":"image\/jpeg"}],"twitter_card":"summary_large_image","twitter_site":"@geostru","twitter_misc":{"Precio":"","Disponibilidad":"Disponible"},"schema":{"@context":"https:\/\/schema.org","@graph":[{"@type":"WebPage","@id":"https:\/\/www.geostru.eu\/es\/shop\/plugin-es\/el-factor-de-amplificacion-topografica-en-presencia-de-laderas-y-crestas-o-cimas\/","url":"https:\/\/www.geostru.eu\/es\/shop\/plugin-es\/el-factor-de-amplificacion-topografica-en-presencia-de-laderas-y-crestas-o-cimas\/","name":"El factor de amplificaci\u00f3n topogr\u00e1fica en laderas y cimas - GeoStru","isPartOf":{"@id":"https:\/\/www.geostru.eu\/es\/#website"},"primaryImageOfPage":{"@id":"https:\/\/www.geostru.eu\/es\/shop\/plugin-es\/el-factor-de-amplificacion-topografica-en-presencia-de-laderas-y-crestas-o-cimas\/#primaryimage"},"image":{"@id":"https:\/\/www.geostru.eu\/es\/shop\/plugin-es\/el-factor-de-amplificacion-topografica-en-presencia-de-laderas-y-crestas-o-cimas\/#primaryimage"},"thumbnailUrl":"https:\/\/www.geostru.eu\/wp-content\/uploads\/2017\/03\/Profilo-topografico-schematico-rappresentativo-degli-effetti-di-rifrazione-delle.jpg","datePublished":"2024-02-16T16:40:13+00:00","dateModified":"2026-02-17T08:12:10+00:00","description":"La morfolog\u00eda superficial juega un papel crucial en la amplificaci\u00f3n s\u00edsmica de un sitio, como lo demuestran los da\u00f1os estructurales significativos observados en elementos morfol\u00f3gicos como colinas, laderas o ca\u00f1ones. Desde el punto de vista ingenieril, la amplificaci\u00f3n topogr\u00e1fica del movimiento s\u00edsmico afecta la evaluaci\u00f3n del riesgo s\u00edsmico en numerosos centros hist\u00f3ricos construidos en elevaciones, en estructuras terrestres (colinas, diques y represas), en obras importantes como puentes y represas, as\u00ed como en pendientes naturales y artificiales. Se pueden distinguir tres configuraciones de inter\u00e9s: cresta, ladera y ca\u00f1\u00f3n. La situaci\u00f3n t\u00edpica de una peque\u00f1a extensi\u00f3n de ancho en la cresta se puede atribuir al caso de una elevaci\u00f3n aislada, mientras que para anchos mayores tiende al caso l\u00edmite de la ladera.","breadcrumb":{"@id":"https:\/\/www.geostru.eu\/es\/shop\/plugin-es\/el-factor-de-amplificacion-topografica-en-presencia-de-laderas-y-crestas-o-cimas\/#breadcrumb"},"inLanguage":"es","potentialAction":[{"@type":"ReadAction","target":["https:\/\/www.geostru.eu\/es\/shop\/plugin-es\/el-factor-de-amplificacion-topografica-en-presencia-de-laderas-y-crestas-o-cimas\/"]}]},{"@type":"ImageObject","inLanguage":"es","@id":"https:\/\/www.geostru.eu\/es\/shop\/plugin-es\/el-factor-de-amplificacion-topografica-en-presencia-de-laderas-y-crestas-o-cimas\/#primaryimage","url":"https:\/\/www.geostru.eu\/wp-content\/uploads\/2017\/03\/Profilo-topografico-schematico-rappresentativo-degli-effetti-di-rifrazione-delle.jpg","contentUrl":"https:\/\/www.geostru.eu\/wp-content\/uploads\/2017\/03\/Profilo-topografico-schematico-rappresentativo-degli-effetti-di-rifrazione-delle.jpg","width":628,"height":278},{"@type":"BreadcrumbList","@id":"https:\/\/www.geostru.eu\/es\/shop\/plugin-es\/el-factor-de-amplificacion-topografica-en-presencia-de-laderas-y-crestas-o-cimas\/#breadcrumb","itemListElement":[{"@type":"ListItem","position":1,"name":"Home","item":"https:\/\/www.geostru.eu\/es\/"},{"@type":"ListItem","position":2,"name":"Shop","item":"https:\/\/www.geostru.eu\/shop\/?lang=es"},{"@type":"ListItem","position":3,"name":"El factor de amplificaci\u00f3n topogr\u00e1fica en presencia de laderas y crestas o cimas."}]},{"@type":"WebSite","@id":"https:\/\/www.geostru.eu\/es\/#website","url":"https:\/\/www.geostru.eu\/es\/","name":"GeoStru","description":"Professionals at your service","publisher":{"@id":"https:\/\/www.geostru.eu\/es\/#organization"},"potentialAction":[{"@type":"SearchAction","target":{"@type":"EntryPoint","urlTemplate":"https:\/\/www.geostru.eu\/es\/?s={search_term_string}"},"query-input":{"@type":"PropertyValueSpecification","valueRequired":true,"valueName":"search_term_string"}}],"inLanguage":"es"},{"@type":"Organization","@id":"https:\/\/www.geostru.eu\/es\/#organization","name":"GeoStru","url":"https:\/\/www.geostru.eu\/es\/","logo":{"@type":"ImageObject","inLanguage":"es","@id":"https:\/\/www.geostru.eu\/es\/#\/schema\/logo\/image\/","url":"https:\/\/www.geostru.eu\/wp-content\/uploads\/2023\/02\/LOGO_GEOSTRU_educational_banner.png","contentUrl":"https:\/\/www.geostru.eu\/wp-content\/uploads\/2023\/02\/LOGO_GEOSTRU_educational_banner.png","width":363,"height":115,"caption":"GeoStru"},"image":{"@id":"https:\/\/www.geostru.eu\/es\/#\/schema\/logo\/image\/"},"sameAs":["https:\/\/www.facebook.com\/GeoStruSoftware\/","https:\/\/x.com\/geostru","https:\/\/www.linkedin.com\/company\/2462488\/admin\/","https:\/\/www.instagram.com\/geostru\/"]}]},"product_brand":"Plugin","product_price_amount":"0.00","product_price_currency":"EUR","og_availability":"instock","product_availability":"instock","product_condition":"new"},"_links":{"self":[{"href":"https:\/\/www.geostru.eu\/es\/wp-json\/wp\/v2\/product\/147499"}],"collection":[{"href":"https:\/\/www.geostru.eu\/es\/wp-json\/wp\/v2\/product"}],"about":[{"href":"https:\/\/www.geostru.eu\/es\/wp-json\/wp\/v2\/types\/product"}],"replies":[{"embeddable":true,"href":"https:\/\/www.geostru.eu\/es\/wp-json\/wp\/v2\/comments?post=147499"}],"wp:featuredmedia":[{"embeddable":true,"href":"https:\/\/www.geostru.eu\/es\/wp-json\/wp\/v2\/media\/29026"}],"wp:attachment":[{"href":"https:\/\/www.geostru.eu\/es\/wp-json\/wp\/v2\/media?parent=147499"}],"wp:term":[{"taxonomy":"product_cat","embeddable":true,"href":"https:\/\/www.geostru.eu\/es\/wp-json\/wp\/v2\/product_cat?post=147499"},{"taxonomy":"product_tag","embeddable":true,"href":"https:\/\/www.geostru.eu\/es\/wp-json\/wp\/v2\/product_tag?post=147499"}],"curies":[{"name":"wp","href":"https:\/\/api.w.org\/{rel}","templated":true}]}}